{"version":"1.0","provider_name":"Masni","provider_url":"https:\/\/masni.cafeblog.hu","author_name":"Masni Dekor\u00e1ci\u00f3","author_url":"https:\/\/masni.cafeblog.hu\/author\/masnidekoracio\/","title":"Energiatakar\u00e9kos kar\u00e1csonyfa\u00e9g\u0151","html":"Mivel ezeket a kar\u00e1csonyfa\u00e9g\u0151 izz\u00f3kat egy a <a href=\"http:\/\/www.pinterest.com\/pin\/58054282666232990\/\">Pinteresten tal\u00e1lt inspir\u00e1l\u00f3 k\u00e9p<\/a> alapj\u00e1n k\u00e9sz\u00edtettem, mindenf\u00e9le szab\u00e1sminta n\u00e9lk\u00fcl, ez\u00e9rt minden egyes izz\u00f3 m\u00e1s m\u00e9ret\u0171re sikeredett... Nem baj... Ugye?!\r\n<div><a href=\"http:\/\/4.bp.blogspot.com\/-zXP4rFp5D30\/TvG6NA6xMvI\/AAAAAAAAAeE\/CsG-XuOGMuo\/s1600\/IMG_5565_mk.jpg\"><img class=\"aligncenter\" style=\"border: 0px none\" alt=\"\" src=\"https:\/\/masni.cafeblog.hu\/files\/2011\/12\/IMG_5565_mk.jpg\" width=\"600\" height=\"370\" border=\"0\" \/><\/a><\/div>\r\n<div><\/div>\r\n<div>De bel\u00e9m b\u00fajt a kis\u00f6rd\u00f6g \u00e9s beledugdostam a LED-es izz\u00f3sor k\u00f6rt\u00e9it. Villanyszerel\u0151k, munkav\u00e9delmisek k\u00e9rem forduljanak el:).<\/div>\r\n<div><\/div>\r\n<div><a href=\"http:\/\/4.bp.blogspot.com\/-4j8A0y4AL1w\/TvG7rRJEd-I\/AAAAAAAAAeQ\/SmtNV30AWDo\/s1600\/_MG_5574_mk.jpg\"><img class=\"aligncenter\" style=\"border: 0px none\" alt=\"\" src=\"https:\/\/masni.cafeblog.hu\/files\/2011\/12\/MG_5574_mk.jpg\" width=\"600\" height=\"320\" border=\"0\" \/><\/a><\/div>\r\n<div><\/div>\r\n<div>Azt\u00e1n r\u00e1j\u00f6ttem, ha az izz\u00f3kat felf\u0171z\u00f6m egy \"vezet\u00e9kre\", ami nem t\u00fal hossz\u00fa az izz\u00f3k sz\u00e1m\u00e1t figyelembe v\u00e9ve, akkor egy k\u00f6zepes m\u00e9ret\u0171 kar\u00e1csonyf\u00e1n is fur\u00e1n fog kin\u00e9zni... \u00cdgy leszedtem a madzagr\u00f3l, \u00e9s szalagra f\u0171ztem \u0151ket.<\/div>\r\n<div><\/div>\r\n<div><a href=\"https:\/\/masni.cafeblog.hu\/files\/2011\/12\/MG_0578-001.jpg\"><img class=\"aligncenter\" alt=\"_MG_0578-001\" src=\"https:\/\/masni.cafeblog.hu\/files\/2011\/12\/MG_0578-001-600x421.jpg\" width=\"600\" height=\"421\" \/><\/a><\/div>\r\n<div>Am\u00edg nincs kar\u00e1csonyfa, amire fel lehetne akasztani, addig dekortapasz seg\u00edts\u00e9g\u00e9vel felragaszthatjuk \u0151ket egy falra, pont egy kar\u00e1csonyf\u00e1t szimboliz\u00e1lva:). <a href=\"http:\/\/coloringbubbles.com\/\">Dekortapasz\u00e9rt k\u00fcl\u00f6n k\u00f6sz\u00f6net a Coloring Bubblesnak<\/a>!!!<\/div>\r\n<div><a href=\"https:\/\/masni.cafeblog.hu\/files\/2011\/12\/karacsonyfaego_k.jpg\"><img class=\"aligncenter size-large wp-image-2258\" alt=\"karacsonyfaego_k\" src=\"https:\/\/masni.cafeblog.hu\/files\/2011\/12\/karacsonyfaego_k-600x600.jpg\" width=\"600\" height=\"600\" \/><\/a>Mindenkit b\u00e1tor\u00edtok, aki szeret (\u00e9s valamennyire tud) horgolni, nyugodtan \u00e1lljon neki!<\/div>","type":"rich","thumbnail_url":"https:\/\/masni.cafeblog.hu\/files\/2011\/12\/karacsonyfaego_k-150x150.jpg","thumbnail_width":150,"thumbnail_height":150}