{"version":"1.0","provider_name":"Masni","provider_url":"https:\/\/masni.cafeblog.hu","author_name":"Masni Dekor\u00e1ci\u00f3","author_url":"https:\/\/masni.cafeblog.hu\/author\/masnidekoracio\/","title":"5+1 kerti \u00f6tlet","html":"<p style=\"text-align: justify\">A kertben lenni j\u00f3. A kertben lenni ny\u00e1ron m\u00e9g jobb. A mostani bejegyz\u00e9s\u00fcnkbe \u00f6sszegy\u0171jt\u00f6tt kerti \u00f6tleteinkkel a kertben lenni m\u00e9g ann\u00e1l is sokkal-sokkal jobb!<\/p>\r\n<p style=\"text-align: justify\"><strong>1. Kerti gyerek s\u00e1tor<\/strong><\/p>\r\n<p style=\"text-align: justify\">A gyerekek im\u00e1dni fogj\u00e1k, az any\u00e1knak meg p\u00e1r nyugodt percet is eredm\u00e9nyezhet ez a remek kis j\u00e1tsz\u00f3s\u00e1tor, melynek pontos munkamenet le\u00edr\u00e1s\u00e1t a <a title=\"Masni Magazin 9. sz\u00e1m\" href=\"https:\/\/masni.cafeblog.hu\/2013\/04\/29\/megjelent-a-legfrissebb-masni-magazin\/\" target=\"_blank\">Masni 9. sz\u00e1m\u00e1ban olvashatj\u00e1tok!<\/a>\u00a0(A magazint a t\u00e1blamagazin oldal\u00e1r\u00f3l t\u00f6lthetitek le pdf form\u00e1tumban - a tartalom jegyz\u00e9k alatt tal\u00e1lhat\u00f3 <a title=\"Masni 9. sz\u00e1m\" href=\"http:\/\/www.tablamagazin.hu\/pdf\/masni_2013_aprilis.pdf\" target=\"_blank\">linkr\u0151l<\/a>!)<\/p>\r\n<p style=\"text-align: justify\"><a href=\"https:\/\/masni.cafeblog.hu\/files\/2014\/06\/gyereksator.jpg\"><img class=\"aligncenter wp-image-3875 size-large\" src=\"https:\/\/masni.cafeblog.hu\/files\/2014\/06\/gyereksator-600x433.jpg\" alt=\"gyereksator\" width=\"600\" height=\"433\" \/><\/a><\/p>\r\n<p style=\"text-align: justify\"><strong>2. Pap\u00edr pompon, az elengedhetetlen parti kell\u00e9k<\/strong><\/p>\r\n<p style=\"text-align: justify\">Csak \u00e1tj\u00f6nnek a bar\u00e1tok egy kis gyerekr\u00f6ptet\u00e9sre, vagy bar\u00e1tn\u0151s k\u00e1v\u00e9z\u00f3s d\u00e9lut\u00e1n tervezel? Hidd el, nagyon feldobja a hangulatot p\u00e1r remek sz\u00ednben hajtogatott szalv\u00e9ta pompon. A <a title=\"Habos pap\u00edr pompon k\u00e9sz\u00edt\u00e9se\" href=\"https:\/\/masni.cafeblog.hu\/2013\/06\/19\/habos-pompon-masni-modra\/\" target=\"_blank\">pontos le\u00edr\u00e1s\u00e9rt kattints ide<\/a>!<\/p>\r\n<a href=\"https:\/\/masni.cafeblog.hu\/files\/2014\/06\/DSC_0124.jpg\"><img class=\"aligncenter wp-image-3876 size-large\" src=\"https:\/\/masni.cafeblog.hu\/files\/2014\/06\/DSC_0124-600x398.jpg\" alt=\"papir_pompon\" width=\"600\" height=\"398\" \/><\/a>\r\n\r\n&nbsp;\r\n\r\n<strong>3. Kasp\u00f3-tuning<\/strong>\r\n\r\nUnalmas a m\u0171anyag cser\u00e9p, kopott a cser\u00e9p ed\u00e9ny? Akkor nincs m\u00e1s h\u00e1tra, mint vill\u00e1mgyorsan fel\u00f6lt\u00f6ztetni \u0151ket! N\u00e1lunk <a title=\"Kasp\u00f3tuning n\u00e1dddal\" href=\"https:\/\/masni.cafeblog.hu\/2014\/04\/28\/kaspotuning-csunyabol-szepet\/\" target=\"_blank\">n\u00e1druh\u00e1t<\/a> \u00e9s <a title=\"Dekup\u00e1zs kasp\u00f3 tuning\" href=\"https:\/\/masni.cafeblog.hu\/2014\/04\/30\/kaspo-diszites-gyorsan-egyszeruen\/\" target=\"_blank\">textilbor\u00edt\u00e1st kaptak<\/a>!\r\n\r\n<a href=\"https:\/\/masni.cafeblog.hu\/files\/2014\/04\/DSC_3445.jpg\"><img class=\"aligncenter wp-image-3467 size-large\" src=\"https:\/\/masni.cafeblog.hu\/files\/2014\/04\/DSC_3445-600x514.jpg\" alt=\"kaspo_dekupazs_10\" width=\"600\" height=\"514\" \/><\/a>\r\n\r\n&nbsp;\r\n\r\n<strong>4. Kavicsfest\u00e9s<\/strong>\r\n\r\nIgazi sz\u00fcnidei id\u0151t\u00f6lt\u00e9s, el\u0151sz\u00f6r <a title=\"5+1 \u00f6tlet\" href=\"https:\/\/masni.cafeblog.hu\/2014\/05\/20\/51-ok-amiert-feltetlenul-kavicsos-parkba-menjetek-a-gyerekkel\/\" target=\"_blank\">megkeresni a t\u00f6k\u00e9letes kavicsokat<\/a>, majd <a title=\"Kavicsfest\u00e9s le\u00edr\u00e1s\" href=\"https:\/\/masni.cafeblog.hu\/2014\/05\/02\/fess-kavicsot-hogy-legyen-fess-a-kavicsod\/\" target=\"_blank\">megfesteni \u0151ket<\/a>, \u00e9s kirakni a kertbe!\r\n\r\n<a href=\"https:\/\/masni.cafeblog.hu\/files\/2014\/05\/IMG_1331-001.jpg\"><img class=\"aligncenter wp-image-3500 size-large\" src=\"https:\/\/masni.cafeblog.hu\/files\/2014\/05\/IMG_1331-001-600x461.jpg\" alt=\"kavics_fest\u00e9s\" width=\"600\" height=\"461\" \/><\/a>\r\n\r\n&nbsp;\r\n\r\n<strong>5. Holdnapt\u00e1r<\/strong>\r\n\r\nMost nem arra gondolunk, hogy menj ki a kertbe, \u00e9s n\u00e9zd meg, hogy milyen a Hold :). Hanem ink\u00e1bb arra szeretn\u00e9nk felh\u00edvni a figyelmed, hogy a kerti munk\u00e1k kapcs\u00e1n \u00e9rdemes odafigyelni a Hold t\u00e1mogat\u00f3 hat\u00e1s\u00e1ra. Mikor \u00fcltess, cs\u00edr\u00e1ztass, locsolj, gazolj? Mikor \u00e9rdemes begy\u0171jteni a term\u00e9st \u00e9s ilyesmi? K\u00f6vess\u00e9tek a <a title=\"Holdnapt\u00e1r\" href=\"https:\/\/zoldeletmod.cafeblog.hu\/kategoria\/eletmod\/holdnaptar-eletmod\/\" target=\"_blank\">Holdnapt\u00e1rt<\/a>!\r\n<p style=\"text-align: center\"><a href=\"https:\/\/masni.cafeblog.hu\/files\/2014\/06\/hold.jpg\"><img class=\"aligncenter wp-image-3879 size-large\" src=\"https:\/\/masni.cafeblog.hu\/files\/2014\/06\/hold-600x450.jpg\" alt=\"hold\" width=\"600\" height=\"450\" \/><\/a><a href=\"http:\/\/www.planetsforkids.org\" target=\"_blank\">K\u00e9p forr\u00e1sa<\/a><\/p>\r\n&nbsp;\r\n\r\n<strong>+1. Fagyi<\/strong>\r\n<p style=\"text-align: justify\">Ez nem csak a kertben j\u00f3, hanem bent is, de a kertben nyugodtabban adod a gyerek kez\u00e9be, nem gond ha lecs\u00f6p\u00f6gtet, maszatol. <a title=\"H\u00e1zi fagyi recept\" href=\"https:\/\/masni.cafeblog.hu\/2013\/07\/20\/hazi-fagyit-mindenkinek\/\" target=\"_blank\">K\u00e9sz\u00edts h\u00e1zi fagyit<\/a>, a kombin\u00e1ci\u00f3k t\u00e1rh\u00e1za v\u00e9gtelen!<\/p>\r\n<a href=\"https:\/\/masni.cafeblog.hu\/files\/2013\/07\/fagyi1.jpg\"><img class=\"wp-image-1212 size-large\" src=\"https:\/\/masni.cafeblog.hu\/files\/2013\/07\/fagyi1-600x399.jpg\" alt=\"H\u00e1zi fagyi\" width=\"600\" height=\"399\" \/><\/a>\r\n\r\n&nbsp;\r\n\r\n<strong><span style=\"color: #000000\">Gyere, olvass m\u00e9g t\u00f6bb 5+1-et t\u0151l\u00fcnk:<\/span><\/strong>\r\n\r\n<a title=\"5+1 Balaton\" href=\"https:\/\/masni.cafeblog.hu\/2014\/06\/03\/51-balaton\/\" target=\"_blank\">5+1 Balaton<\/a>\r\n\r\n<a title=\"5+1 fot\u00f3\u00f6tlet ny\u00e1rra\" href=\"https:\/\/masni.cafeblog.hu\/2014\/05\/27\/51-fotootlet-nyarra\/\" target=\"_blank\">5+1 fot\u00f3\u00f6tlet ny\u00e1rra<\/a>\r\n\r\n<a title=\"5+1 k\u00e1v\u00e9\" href=\"https:\/\/masni.cafeblog.hu\/2014\/06\/17\/51-kave-raadas-recepttel\/\" target=\"_blank\">5+1 k\u00e1v\u00e9 - r\u00e1ad\u00e1s recepttel!<\/a>\r\n\r\n&nbsp;","type":"rich","thumbnail_url":"https:\/\/masni.cafeblog.hu\/files\/2014\/06\/gyereksator-150x150.jpg","thumbnail_width":150,"thumbnail_height":150}