{"version":"1.0","provider_name":"Masni","provider_url":"https:\/\/masni.cafeblog.hu","author_name":"Masni Dekor\u00e1ci\u00f3","author_url":"https:\/\/masni.cafeblog.hu\/author\/masnidekoracio\/","title":"5+1 keny\u00e9r","html":"<p style=\"text-align: justify\">Ki mivel azonos\u00edtja augusztus 20-\u00e1t? A magyar n\u00e9phagyom\u00e1ny egyik nagy \u00fcnnep\u00e9t, amit minden faluban meg\u00fcnnepelnek, a f\u0151v\u00e1rosban pedig hatalmas t\u0171zij\u00e1t\u00e9kkal is eml\u00e9kezetess\u00e9 tesznek.\u00a0Istv\u00e1n megkoron\u00e1z\u00e1s\u00e1t, a kereszt\u00e9ny \u00e1llam megteremt\u00e9s\u00e9t? Els\u0151 kir\u00e1lyunk szentt\u00e9 avat\u00e1s\u00e1t? Az \u00faj kenyeret, az arat\u00e1s v\u00e9g\u00e9t? Vagy az \u00faj alkotm\u00e1nyt? Augusztus 20-a val\u00f3ban a legr\u00e9gebbi nemzeti \u00fcnnep\u00fcnk, igazi n\u00e9phagyom\u00e1ny azonban kev\u00e9s k\u00f6t\u0151dik hozz\u00e1, sokkal ink\u00e1bb politikai tartalm\u00fa, elrendelt \u00fcnnep. Mi annyiban szeretn\u00e9nk kivenni a r\u00e9sz\u00fcnket az \u00fcnnepi el\u0151k\u00e9sz\u00fcletekb\u0151l, hogy \u00f6sszev\u00e1logatjuk Nektek a legjobb keny\u00e9r receptjeinket, \u00edgy mindenki v\u00e9rm\u00e9rs\u00e9klete, kedve \u00e9s ideje szerint megs\u00fctheti \u0151ket holnapra!<\/p>\r\n<p style=\"text-align: justify\"><a title=\"Egyszer\u0171en t\u00f6k\u00e9letes keny\u00e9r\" href=\"https:\/\/masni.cafeblog.hu\/2014\/05\/23\/az-egyszeruen-tokeletes-kenyer-titka\/\" target=\"_blank\"><strong>1. Az egyszer\u0171en t\u00f6k\u00e9letes keny\u00e9r<\/strong><\/a><\/p>\r\n<p style=\"text-align: justify\"><a href=\"https:\/\/masni.cafeblog.hu\/files\/2014\/05\/kenyer_4.jpg\"><img class=\"aligncenter wp-image-3668 size-large\" src=\"https:\/\/masni.cafeblog.hu\/files\/2014\/05\/kenyer_4-600x451.jpg\" alt=\"kenyer_4\" width=\"600\" height=\"451\" \/><\/a><\/p>\r\n<p style=\"text-align: justify\"><a title=\"Csod\u00e1latos ciabatta\" href=\"https:\/\/masni.cafeblog.hu\/2014\/06\/20\/recept-a-tokeletes-ciabatta-kezdoknek-is\/\" target=\"_blank\"><strong>2. \u00a0A k\u00f6nny\u0171 \u00e9s mindig csod\u00e1latos\u00a0ciabatta<\/strong><\/a><\/p>\r\n<p style=\"text-align: justify\"><a href=\"https:\/\/masni.cafeblog.hu\/files\/2014\/06\/IMG_1464-001.jpg\"><img class=\"aligncenter wp-image-3869 size-large\" src=\"https:\/\/masni.cafeblog.hu\/files\/2014\/06\/IMG_1464-001-600x366.jpg\" alt=\"IMG_1464-001\" width=\"600\" height=\"366\" \/><\/a><\/p>\r\n<p style=\"text-align: justify\"><strong><a title=\"Nem szigor\u00fa paleo keny\u00e9r\" href=\"https:\/\/masni.cafeblog.hu\/2014\/06\/06\/a-tokeletes-nem-szigoru-paleo-kenyer\/\" target=\"_blank\">3. A verhetetlen, nem szigor\u00fa paleo keny\u00e9r<\/a><\/strong><\/p>\r\n<p style=\"text-align: justify\"><a href=\"https:\/\/masni.cafeblog.hu\/files\/2014\/06\/DSC_3658.jpg\"><img class=\"aligncenter wp-image-3771 size-large\" src=\"https:\/\/masni.cafeblog.hu\/files\/2014\/06\/DSC_3658-600x491.jpg\" alt=\"paleo_kenyer_2\" width=\"600\" height=\"491\" \/><\/a><\/p>\r\n<p style=\"text-align: justify\"><a title=\"Ban\u00e1nkeny\u00e9r\" href=\"https:\/\/masni.cafeblog.hu\/2014\/05\/30\/recept-zabpelyhes-banankenyer\/\" target=\"_blank\"><strong>4. Gy\u00fcm\u00f6lcsre \u00e9hez\u0151knek, itt a ban\u00e1nkeny\u00e9r!<\/strong><\/a><\/p>\r\n<p style=\"text-align: justify\"><a href=\"https:\/\/masni.cafeblog.hu\/files\/2014\/05\/MG_2515-001.jpg\"><img class=\"aligncenter wp-image-3707 size-large\" src=\"https:\/\/masni.cafeblog.hu\/files\/2014\/05\/MG_2515-001-600x572.jpg\" alt=\"zabpelyhes_kenyer\" width=\"600\" height=\"572\" \/><\/a><\/p>\r\n<p style=\"text-align: justify\"><strong><a title=\"Csokis, cukkinis keny\u00e9r\" href=\"https:\/\/masni.cafeblog.hu\/2013\/01\/11\/recept-csokis-cukkinis-kenyer\/\" target=\"_blank\">5. \u00a0Egy igazi \u00e9dessz\u00e1j\u00faaknak val\u00f3\u00a0keny\u00e9r, a cukkinis-di\u00f3s-csokis...<\/a><\/strong><\/p>\r\n<a href=\"https:\/\/masni.cafeblog.hu\/files\/2013\/01\/csokis_cukkinis.jpg\"><img class=\"aligncenter wp-image-1392 size-large\" src=\"https:\/\/masni.cafeblog.hu\/files\/2013\/01\/csokis_cukkinis-595x600.jpg\" alt=\"Csokis cukkinis keny\u00e9r\" width=\"595\" height=\"600\" \/><\/a>\r\n\r\n<a title=\"T\u00f6k\u00e9letes kal\u00e1cs recept\" href=\"https:\/\/masni.cafeblog.hu\/2014\/04\/12\/recept-a-nekunk-tokeletes-husveti-kalacs\/\" target=\"_blank\"><strong>+1. Nem is keny\u00e9r, hanem kal\u00e1cs!<\/strong><\/a>\r\n\r\n<a href=\"https:\/\/masni.cafeblog.hu\/files\/2014\/04\/kalacs.jpg\"><img class=\"aligncenter wp-image-3384 size-large\" src=\"https:\/\/masni.cafeblog.hu\/files\/2014\/04\/kalacs-600x600.jpg\" alt=\"kalacs\" width=\"600\" height=\"600\" \/><\/a>\r\n<p style=\"text-align: center\">J\u00f3 s\u00fct\u00e9st mindenkinek!<\/p>\r\n<p style=\"text-align: left\"><strong>Tov\u00e1bbi 5+1 gy\u0171jt\u00e9seink\u00e9rt kattints, \u00e9s olvass!<\/strong><\/p>\r\n<p style=\"text-align: left\"><a title=\"5+1 term\u00e9szetesen tiszt\u00edt\u00f3szer\" href=\"https:\/\/masni.cafeblog.hu\/2014\/07\/15\/51-termeszetes-tisztitoszer\/\" target=\"_blank\">5+1 term\u00e9szetes tiszt\u00edt\u00f3szer<\/a><\/p>\r\n<p style=\"text-align: left\"><a title=\"5+1 k\u00e1v\u00e9\" href=\"https:\/\/masni.cafeblog.hu\/2014\/06\/17\/51-kave-raadas-recepttel\/\" target=\"_blank\">5+1 k\u00e1v\u00e9<\/a><\/p>\r\n<p style=\"text-align: left\"><a title=\"5+1 cukorf\u00e9le\" href=\"https:\/\/masni.cafeblog.hu\/2014\/07\/01\/51-cukorfele\/\" target=\"_blank\">5+1 cukorf\u00e9le<\/a><\/p>","type":"rich","thumbnail_url":"https:\/\/masni.cafeblog.hu\/files\/2014\/05\/kenyer_4-150x150.jpg","thumbnail_width":150,"thumbnail_height":150}