{"version":"1.0","provider_name":"Masni","provider_url":"https:\/\/masni.cafeblog.hu","author_name":"Masni Dekor\u00e1ci\u00f3","author_url":"https:\/\/masni.cafeblog.hu\/author\/masnidekoracio\/","title":"Tekerj l\u00e1mp\u00e1t magadnak","html":"<p style=\"text-align: justify\">A DIY, azaz a csin\u00e1ld magad blogok egyik legnagyobb durran\u00e1sa ez a zsin\u00f3r, fonal l\u00e1mpa volt nemr\u00e9g. Persze \u00e9n is azonnal belev\u00e1gtam 2 \u00e9ve, majd tavaly ny\u00e1ron is, de mindk\u00e9t alkalommal elv\u00e9reztem. A l\u00e1mpa egy pl\u00f6ttyedt, amorf am\u0151ba lett, sehogy se akart g\u00f6mbk\u00e9nt d\u00edszelegni a szob\u00e1m mennyezet\u00e9n, vagy esetleg annyira r\u00e1ragadt a labd\u00e1ra, amire tekertem, hogy az eg\u00e9sz projekt a kuk\u00e1ban landolt. Ok, gondoltam, elj\u00f6tt az ideje, hogy \u00fajra megpr\u00f3b\u00e1lkozzak a projekttel, de most semmit se b\u00edzok a v\u00e9letlenre. Ez a m\u00f3dszer t\u00e9nyleg tuti, viszont nagyon koszos. K\u00e9sz\u00fclj!<\/p>\r\n<p style=\"text-align: justify\">\u00a0<a href=\"https:\/\/masni.cafeblog.hu\/files\/2014\/08\/DSC_4538.jpg\"><img class=\"aligncenter wp-image-4297 size-large\" src=\"https:\/\/masni.cafeblog.hu\/files\/2014\/08\/DSC_4538-600x442.jpg\" alt=\"fonallampa_01\" width=\"600\" height=\"442\" \/><\/a>Amire sz\u00fcks\u00e9ged lesz a nat\u00far k\u00f6t\u0151z\u0151 zsineges l\u00e1mp\u00e1hoz: 2 tekercs nat\u00far, v\u00e9kony k\u00f6t\u00f6z\u0151 zsineg, 51 cm-es felf\u00fajhat\u00f3 strandlabda, 0,75 liter faragaszt\u00f3, v\u00edz, egy nagyobb m\u0171anyag ed\u00e9ny, egy kicsi m\u00fczlis, vagy komp\u00f3tos t\u00e1l, 1 db 120 literes szemetes zs\u00e1k \u00e9s nagy al\u00e1t\u00e9t f\u00f3lia, vagy pap\u00edr.<\/p>\r\n<p style=\"text-align: justify\"><a href=\"https:\/\/masni.cafeblog.hu\/files\/2014\/08\/DSC_4567.jpg\"><img class=\"aligncenter wp-image-4307 size-large\" src=\"https:\/\/masni.cafeblog.hu\/files\/2014\/08\/DSC_4567-600x413.jpg\" alt=\"fonallampa_06\" width=\"600\" height=\"413\" \/><\/a><\/p>\r\n<p style=\"text-align: justify\"><a href=\"https:\/\/masni.cafeblog.hu\/files\/2014\/08\/DSC_4570.jpg\"><img class=\"aligncenter wp-image-4308 size-large\" src=\"https:\/\/masni.cafeblog.hu\/files\/2014\/08\/DSC_4570-600x454.jpg\" alt=\"DSC_4570\" width=\"600\" height=\"454\" \/><\/a><\/p>\r\n<p style=\"text-align: justify\"><a href=\"https:\/\/masni.cafeblog.hu\/files\/2014\/08\/DSC_4557.jpg\"><img class=\"aligncenter wp-image-4304 size-large\" src=\"https:\/\/masni.cafeblog.hu\/files\/2014\/08\/DSC_4557-600x411.jpg\" alt=\"fonallampa_08\" width=\"600\" height=\"411\" \/><\/a>\u00d6ntsd ki az eg\u00e9sz ragaszt\u00f3t a nagyobb m\u0171anyag ed\u00e9nybe \u00e9s \u00f6nts hozz\u00e1 max. 1,5 dl vizet. Enn\u00e9l t\u00f6bbet semmik\u00e9ppen se! Alaposan keverd \u00f6ssze. Tedd bele az els\u0151 tekercs zsineget, \u00e9s hagyd \u00e1zni, am\u00edg el\u0151k\u00e9sz\u00fclsz a t\u00f6bbi dologgal.<\/p>\r\n<p style=\"text-align: justify\"><a href=\"https:\/\/masni.cafeblog.hu\/files\/2014\/08\/DSC_4544.jpg\"><img class=\"aligncenter wp-image-4300 size-large\" src=\"https:\/\/masni.cafeblog.hu\/files\/2014\/08\/DSC_4544-600x494.jpg\" alt=\"fonallampa_04\" width=\"600\" height=\"494\" \/><\/a><\/p>\r\n<p style=\"text-align: justify\"><a href=\"https:\/\/masni.cafeblog.hu\/files\/2014\/08\/DSC_4545.jpg\"><img class=\"aligncenter wp-image-4301 size-large\" src=\"https:\/\/masni.cafeblog.hu\/files\/2014\/08\/DSC_4545-600x428.jpg\" alt=\"fonallampa_05\" width=\"600\" height=\"428\" \/><\/a>El\u0151sz\u00f6r is f\u00fajd fel a labd\u00e1t kem\u00e9nyre. Jel\u00f6ld meg alkoholos filccel a tetej\u00e9t, ahol a szelep van, kb. 5 cm \u00e1tm\u00e9r\u0151j\u0171 karik\u00e1val. Majd az alj\u00e1ra is rajzolj fel egy enn\u00e9l nagyobb k\u00f6rt.<\/p>\r\n<p style=\"text-align: justify\"><a href=\"https:\/\/masni.cafeblog.hu\/files\/2014\/08\/DSC_4539.jpg\"><img class=\"aligncenter size-full wp-image-4298\" src=\"https:\/\/masni.cafeblog.hu\/files\/2014\/08\/DSC_4539.jpg\" alt=\"fonallampa_02\" width=\"647\" height=\"800\" \/><\/a>K\u00e9sz\u00edtsd el a v\u00e9d\u0151ruh\u00e1dat. Ter\u00edtsd ki a szemetes zs\u00e1kot, \u00e9s v\u00e1gj rajta lyukat a fejednek \u00e9s a k\u00e9t kezednek.<\/p>\r\n<p style=\"text-align: justify\"><a href=\"https:\/\/masni.cafeblog.hu\/files\/2014\/08\/DSC_4542.jpg\"><img class=\"aligncenter size-full wp-image-4299\" src=\"https:\/\/masni.cafeblog.hu\/files\/2014\/08\/DSC_4542.jpg\" alt=\"fonallampa_03\" width=\"407\" height=\"800\" \/><\/a>Vedd fel. Csinos leszel, \u00e9s nagyon meleged is lesz benne, de a c\u00e9l \u00e9rdek\u00e9ben mindent :)!<\/p>\r\n<p style=\"text-align: justify\">K\u00e9sz\u00edtsd el\u0151 az al\u00e1t\u00e9t f\u00f3li\u00e1t, vagy pap\u00edrt, tedd r\u00e1 a kis m\u00fczlis, komp\u00f3tos t\u00e1lat, ebbe fogod tudni lerakni a labd\u00e1t, ha megpihensz, vagy k\u00e9szen leszel vele.<\/p>\r\n<p style=\"text-align: justify\"><a href=\"https:\/\/masni.cafeblog.hu\/files\/2014\/08\/DSC_4561.jpg\"><img class=\"aligncenter wp-image-4305 size-large\" src=\"https:\/\/masni.cafeblog.hu\/files\/2014\/08\/DSC_4561-600x397.jpg\" alt=\"fonallampa_09\" width=\"600\" height=\"397\" \/><\/a><\/p>\r\n<p style=\"text-align: justify\"><a href=\"https:\/\/masni.cafeblog.hu\/files\/2014\/08\/DSC_4563.jpg\"><img class=\"aligncenter wp-image-4306 size-large\" src=\"https:\/\/masni.cafeblog.hu\/files\/2014\/08\/DSC_4563-600x401.jpg\" alt=\"fonallampa_10\" width=\"600\" height=\"401\" \/><\/a>\u00c9s indulhat a munka. Fogd meg a labd\u00e1t, \u00e9s kezd el feltekerni r\u00e1 a ragaszt\u00f3s zsineget. Az els\u0151 p\u00e1r teker\u00e9s nagyon nem egyszer\u0171, de pr\u00f3b\u00e1ld meg egym\u00e1son \u00e1t-vissza fel-le tekerni a sz\u00e1lat. \u00dcgyelj a megrajzolj karik\u00e1kra, azokon k\u00edv\u00fcl vezesd a sz\u00e1lat. Ha egyszer-egyszer belel\u00f3gsz, nem baj, k\u00e9s\u0151bb m\u00e9g, am\u00edg nedves egy picit igaz\u00edthat\u00f3 a sz\u00e1ltenger.<\/p>\r\n<p style=\"text-align: justify\"><a href=\"https:\/\/masni.cafeblog.hu\/files\/2014\/08\/DSC_4564.jpg\"><img class=\"aligncenter wp-image-4309 size-large\" src=\"https:\/\/masni.cafeblog.hu\/files\/2014\/08\/DSC_4564-600x375.jpg\" alt=\"fonallampa_07\" width=\"600\" height=\"375\" \/><\/a>Tekerj, tekerj szorgalmasan. A legegyszer\u0171bb \u00fagy, hogy magadhoz szor\u00edtod a labd\u00e1t, ez\u00e9rt j\u00f3 a szemetes zs\u00e1k v\u00e9d\u0151ruha. A ragaszt\u00f3 fr\u00f6cs\u00f6gni fog minden fel\u00e9, \u00edgy a l\u00e1bad, a kezed, \u00e9s j\u00f3 esetben csak az eg\u00e9sz al\u00e1t\u00e9t f\u00f3lia, pap\u00edr lesz ragaszt\u00f3s. Rossz esetben, mint n\u00e1lam, egy kiad\u00f3s f\u0171ny\u00edr\u00e1s seg\u00edtett elt\u00fcntetni a ragaszt\u00f3 nyomokat.<\/p>\r\n<p style=\"text-align: justify\">Amikor feltekerted mind a k\u00e9t tekercset, akkor \u00e1ll\u00edtsd a labd\u00e1t a kis t\u00e1lk\u00e1ba, \u00e9s ha maradt ragaszt\u00f3, akkor \u00f3vatosan csurgasd r\u00e1 a zsin\u00f3rra. Mindenhol j\u00f3 alaposan tocsogjon a ragaszt\u00f3ban.<\/p>\r\n<p style=\"text-align: justify\">A munka neheze megvan, most m\u00e1r csak v\u00e1rni kell. El\u0151sz\u00f6r 2 napot sz\u00e1r\u00edtottam a zsin\u00f3rl\u00e1mp\u00e1t a padl\u00e1son, de ez nem volt el\u00e9g sajnos. Kivettem a bel\u0151le a labd\u00e1t, szelep kinyit, \u00f3vatosan nyomkodva a labd\u00e1t leereszt, \u00e9s az als\u00f3 nagyobb lyukon kivesz. Majd tov\u00e1bbi 2 nap a t\u0171z\u0151 napon kellett m\u00e9g, hogy teljesen kisz\u00e1radjon \u00e9s kem\u00e9ny legyen.<\/p>\r\n<p style=\"text-align: justify\"><a href=\"https:\/\/masni.cafeblog.hu\/files\/2014\/08\/DSC_4620.jpg\"><img class=\"aligncenter size-full wp-image-4310\" src=\"https:\/\/masni.cafeblog.hu\/files\/2014\/08\/DSC_4620.jpg\" alt=\"fonallampa_11\" width=\"632\" height=\"800\" \/><\/a>M\u00e1r csak a fell\u00f3gat\u00e1s volt h\u00e1tra. A h\u00e1l\u00f3szob\u00e1nkba tettem a l\u00e1mp\u00e1t, mert a <a title=\"Selyempap\u00edr ruh\u00e1s, tobozl\u00e1mpa\" href=\"https:\/\/masni.cafeblog.hu\/2013\/11\/11\/selyempapir-ruhas-lampa\/\" target=\"_blank\">kor\u00e1bbi tobozl\u00e1mpa<\/a> felett elj\u00e1rt az id\u0151, \u00e9s a sok huzat nagyon megt\u00e9p\u00e1zta. A tobozl\u00e1mp\u00e1t levettem, \u00e9s a mennyezetr\u0151l l\u00f3g\u00f3 sima <a title=\"IKEA hemma\" href=\"http:\/\/www.ikea.com\/hu\/hu\/catalog\/products\/00067854\/\" target=\"_blank\">IKEA-s vezet\u00e9kre felszereltem<\/a>.<\/p>\r\n<p style=\"text-align: justify\">N\u00e9h\u00e1ny gondolat z\u00e1r\u00e1sk\u00e9nt: a zsin\u00f3r illata el\u00e9g jellegzetes, \u00edgy, ha zavar, akkor ne zsin\u00f3rb\u00f3l k\u00e9sz\u00edtsd el, hanem sima fonalb\u00f3l. \u00c9n sima feh\u00e9r fonalb\u00f3l is k\u00e9sz\u00edtettem egy l\u00e1mpaerny\u0151t, ilyen lett:<\/p>\r\n<p style=\"text-align: justify\"><a href=\"https:\/\/masni.cafeblog.hu\/files\/2014\/08\/DSC_4643.jpg\"><img class=\"aligncenter size-full wp-image-4311\" src=\"https:\/\/masni.cafeblog.hu\/files\/2014\/08\/DSC_4643.jpg\" alt=\"fonallampa_12\" width=\"800\" height=\"526\" \/><\/a><\/p>\r\n<p style=\"text-align: justify\">Nagy kosszal j\u00e1r a teker\u00e9s, \u00edgy a kert egy f\u00e9lrees\u0151 zug\u00e1ban csin\u00e1ld, vagy nagyon alaposan takarj le mindent ami k\u00f6r\u00fcl\u00f6tted van. A l\u00e1badr\u00f3l, kezedr\u0151l testrad\u00edrral sim\u00e1n lej\u00f6n a sok ragaszt\u00f3, emiatt ne agg\u00f3dj!<\/p>\r\n<p style=\"text-align: justify\"><a href=\"https:\/\/masni.cafeblog.hu\/files\/2014\/08\/DSC_4574.jpg\"><img class=\"aligncenter wp-image-4312 size-large\" src=\"https:\/\/masni.cafeblog.hu\/files\/2014\/08\/DSC_4574-600x404.jpg\" alt=\"fonallampa_13\" width=\"600\" height=\"404\" \/><\/a><\/p>\r\n<p style=\"text-align: justify\">\u00c9s ez lett a v\u00e9geredm\u00e9ny! Mindenkit arra b\u00edztatok, hogy v\u00e1gjon bele, meg\u00e9ri. Remek m\u00f3ka, m\u00e9g ha sokat is kell takar\u00edtani ut\u00e1na :)!<\/p>\r\n<p style=\"text-align: justify\"><a href=\"https:\/\/masni.cafeblog.hu\/files\/2014\/08\/fonal_lampa.jpg\"><img class=\"aligncenter wp-image-4313 size-large\" src=\"https:\/\/masni.cafeblog.hu\/files\/2014\/08\/fonal_lampa-600x433.jpg\" alt=\"fonal_lampa\" width=\"600\" height=\"433\" \/><\/a><\/p>\r\n<p style=\"text-align: justify\">Tov\u00e1bbi otthoncsinos\u00edt\u00f3 \u00f6tleteink\u00e9rt kattints!<\/p>\r\n<p style=\"text-align: justify\"><a title=\"Vill\u00e1mgyors kr\u00e9tat\u00e1bla\" href=\"https:\/\/masni.cafeblog.hu\/2014\/08\/13\/villamgyors-kretatabla\/\" target=\"_blank\">Vill\u00e1mgyors kr\u00e9tat\u00e1bla<\/a><\/p>\r\n<p style=\"text-align: justify\"><a title=\"Kasp\u00f3 dekup\u00e1zs\" href=\"https:\/\/masni.cafeblog.hu\/2014\/04\/30\/kaspo-diszites-gyorsan-egyszeruen\/\" target=\"_blank\">Kasp\u00f3 d\u00edsz\u00edt\u00e9s gyorsan, egyszer\u0171en<\/a><\/p>\r\n<p style=\"text-align: justify\"><a title=\"Mindenki sokadik \u00e9lete\" href=\"https:\/\/masni.cafeblog.hu\/2014\/03\/26\/mindenki-sokadik-elete\/\" target=\"_blank\">Mindenki sokadig \u00e9lete<\/a><\/p>","type":"rich","thumbnail_url":"https:\/\/masni.cafeblog.hu\/files\/2014\/08\/fonal_lampa-150x150.jpg","thumbnail_width":150,"thumbnail_height":150}